{"id":20130,"date":"2022-07-25T10:40:12","date_gmt":"2022-07-25T10:40:12","guid":{"rendered":"https:\/\/vimaxlens.com\/avis-legal-i-politica-de-privadesa\/"},"modified":"2023-09-07T14:42:24","modified_gmt":"2023-09-07T14:42:24","slug":"avis-legal-i-politica-de-privadesa","status":"publish","type":"page","link":"https:\/\/vimaxlens.com\/ca\/avis-legal-i-politica-de-privadesa\/","title":{"rendered":"Av\u00eds legal i pol\u00edtica de privadesa"},"content":{"rendered":"\n<p><strong>AV\u00cdS LEGAL\u00a0<\/strong><\/p>\n\n<p>En compliment del deure d&#8217;informaci\u00f3 recollit a l&#8217;article 10 de la Llei 34\/2002, d&#8217;11 de juliol, de serveis de la societat de la informaci\u00f3 i del comer\u00e7 electr\u00f2nic, seguidament es reflecteixen les dades seg\u00fcents:\u00a0<\/p>\n\n<p>L&#8217;empresa titular del domini web \u00e9s Industrias de \u00d3ptica Prats, SL (d&#8217;ara endavant, PRATS), amb domicili a aquests efectes al carrer del Doctor Josep Castells, n\u00famero 4 de Sant Boi de Llobregat, prov\u00edncia de Barcelona, Espanya, n\u00famero de CIF B 08233108, inscrita al Registre Mercantil de Barcelona, full B 6796, foli 192, tom 38472. Adre\u00e7a electr\u00f2nica de contacte:\u00a0<a href=\"mailto:grupoprats@grupoprats.info\">grupoprats@grupoprats.info<\/a>.<\/p>\n\n<p><strong>USUARIS<\/strong><\/p>\n\n<p>L&#8217;acc\u00e9s i\/o \u00fas d&#8217;aquest portal de PRATS atribueix la condici\u00f3 d&#8217;USUARI, que accepta, des d&#8217;aquest acc\u00e9s i\/o \u00fas, les condicions generals d&#8217;\u00fas que aqu\u00ed es reflecteixen. Les condicions esmentades seran aplicables independentment de les condicions generals de contractaci\u00f3 que, si escau, resultin de compliment obligat.<\/p>\n\n<p><strong>\u00daS DEL PORTAL<\/strong><\/p>\n\n<p>El domini\u00a0<a href=\"http:\/\/www.grupoprats.com\/\" target=\"_blank\" rel=\"noreferrer noopener\">www.grupoprats.com<\/a>\u00a0proporciona l&#8217;acc\u00e9s per part de l&#8217;USUARI a multitud d&#8217;informacions, serveis, programes o dades (d&#8217;ara endavant, &#8220;els continguts&#8221;) a Internet pertanyents a PRATS o als seus llicenciants. L&#8217;USUARI assumeix la responsabilitat de l&#8217;\u00fas del portal. Aquesta responsabilitat s&#8217;est\u00e9n al registre que fos necessari per accedir a determinats serveis o continguts. En aquest registre l&#8217;USUARI ser\u00e0 responsable d&#8217;aportar informaci\u00f3 vera\u00e7 i l\u00edcita. Com a conseq\u00fc\u00e8ncia d&#8217;aquest registre, es pot proporcionar a l&#8217;USUARI una contrasenya de la qual ser\u00e0 responsable, comprometent-se a fer-ne un \u00fas diligent i confidencial. L&#8217;USUARI es compromet a fer un \u00fas adequat dels continguts i serveis (com ara serveis de xat, f\u00f2rums de discussi\u00f3 o grups de not\u00edcies) que PRATS ofereix a trav\u00e9s del seu portal i, amb car\u00e0cter enunciatiu per\u00f2 no limitador, a no emprar-los per (i) inc\u00f3rrer en activitats il\u00b7l\u00edcites, il\u00b7legals o contr\u00e0ries a la bona fe i a l&#8217;ordre p\u00fablic; (ii) difondre continguts o propaganda de car\u00e0cter racista, xen\u00f2fob, pornogr\u00e0fic-il\u00b7legal, d&#8217;apologia del terrorisme o que atemptin contra els drets humans; (iii) provocar danys en els sistemes f\u00edsics i l\u00f2gics de PRATS, dels seus prove\u00efdors o de terceres persones, introduir o difondre a la xarxa virus inform\u00e0tics o qualssevol altres sistemes f\u00edsics o l\u00f2gics que siguin susceptibles de provocar els danys esmentats anteriorment; (iv) intentar accedir i, si escau, utilitzar els comptes de correu electr\u00f2nic d&#8217;altres usuaris i modificar o manipular els seus missatges. PRATS es reserva el dret de retirar tots aquells comentaris i aportacions que vulnerin el respecte a la dignitat de la persona, que siguin discriminatoris, xen\u00f2fobs, racistes, pornogr\u00e0fics, que atemptin contra la joventut o la inf\u00e0ncia, l&#8217;ordre o la seguretat p\u00fablica, o que, al seu parer, no resultin adequats per ser publicats. En qualsevol cas, PRATS no ser\u00e0 responsable de les opinions donades pels USUARIS a trav\u00e9s dels f\u00f2rums, xats o altres eines de participaci\u00f3.<\/p>\n\n<p><strong>PROPIETAT INTEL\u00b7LECTUAL I INDUSTRIAL<\/strong><\/p>\n\n<p>PRATS, per si mateixa o com a cession\u00e0ria, \u00e9s titular de tots els drets de propietat intel\u00b7lectual i industrial del seu lloc web, aix\u00ed com dels elements que cont\u00e9 (a t\u00edtol enunciatiu, imatges, so, \u00e0udio, v\u00eddeo, programari o textos; marques o logotips, combinacions de colors, estructura i disseny, selecci\u00f3 de materials usats, programes d&#8217;ordinador necessaris per al seu funcionament, acc\u00e9s i \u00fas, etc.), titularitat de PRATS o dels seus llicenciants. Tots els drets reservats.<\/p>\n\n<p>En virtut del que disposen els articles 8 i 32.1, par\u00e0graf segon, de la Llei de propietat intel\u00b7lectual, queden expressament prohibides la reproducci\u00f3, la distribuci\u00f3 i la comunicaci\u00f3 p\u00fablica, inclosa la seva modalitat de posada a disposici\u00f3, de la totalitat o part dels continguts d&#8217;aquest lloc web, amb finalitats comercials, en qualsevol suport i per qualsevol mitj\u00e0 t\u00e8cnic, sense l&#8217;autoritzaci\u00f3 de PRATS. L&#8217;USUARI es compromet a respectar els drets de propietat intel\u00b7lectual i industrial titularitat de PRATS.<\/p>\n\n<p>L&#8217;USUARI es compromet a respectar els drets de propietat intel\u00b7lectual i industrial titularitat de PRATS. Podr\u00e0 visualitzar els elements del portal i fins i tot imprimir-los, copiar-los i emmagatzemar-los al disc dur del seu ordinador o en qualsevol altre suport f\u00edsic sempre que sigui \u00fanicament i exclusivament per al seu \u00fas personal i privat. L&#8217;USUARI s&#8217;haur\u00e0 d&#8217;abstenir de suprimir, alterar, eludir o manipular qualsevol dispositiu de protecci\u00f3 o sistema de seguretat que estigu\u00e9s instal\u00b7lat a les p\u00e0gines de PRATS.<\/p>\n\n<p><strong>EXCLUSI\u00d3 DE GARANTIES I RESPONSABILITAT<\/strong><\/p>\n\n<p>PRATS no es fa responsable, en cap cas, dels danys i perjudicis de qualsevol naturalesa que poguessin ocasionar, a t\u00edtol enunciatiu: errors o omissions dels continguts, falta de disponibilitat del portal o la transmissi\u00f3 de virus o programes maliciosos o lesius als continguts, tot i haver adoptat totes les mesures tecnol\u00f2giques necess\u00e0ries per evitar-ho.<\/p>\n\n<p><strong>MODIFICACIONS<\/strong><\/p>\n\n<p>PRATS es reserva el dret d&#8217;efectuar sense previ av\u00eds les modificacions que consideri adients al seu portal, podent canviar, suprimir o afegir tant els continguts i serveis que es prestin a trav\u00e9s del portal com la forma en qu\u00e8 apareguin presentats o localitzats al portal.<\/p>\n\n<p><strong>ENLLA\u00c7OS<\/strong><\/p>\n\n<p>En cas que en nom del domini es disposin enlla\u00e7os o hiperenlla\u00e7os cap a altres llocs d&#8217;Internet, PRATS no exercir\u00e0 cap tipus de control sobre aquests llocs i continguts. PRATS no assumir\u00e0 en cap cas cap responsabilitat pels continguts d&#8217;algun enlla\u00e7 pertanyent a un lloc web ali\u00e8, ni garantir\u00e0 la disponibilitat t\u00e8cnica, qualitat, fiabilitat, exactitud, amplitud, veracitat, validesa i constitucionalitat de qualsevol material o informaci\u00f3 continguts en cap dels hiperenlla\u00e7os esmentats o altres llocs d&#8217;Internet. Igualment, la inclusi\u00f3 d&#8217;aquestes connexions externes no implicar\u00e0 cap tipus d&#8217;associaci\u00f3, fusi\u00f3 o participaci\u00f3 amb les entitats connectades.<\/p>\n\n<p><strong>DRET D&#8217;EXCLUSI\u00d3<\/strong><\/p>\n\n<p>PRATS es reserva el dret de denegar o retirar l&#8217;acc\u00e9s al portal i als serveis oferts sense necessitat de preav\u00eds, a inst\u00e0ncia pr\u00f2pia o d&#8217;un tercer, a aquells USUARIS que incompleixin aquestes condicions generals d&#8217;\u00fas.<\/p>\n\n<p><strong>GENERALITATS<\/strong><\/p>\n\n<p>PRATS perseguir\u00e0 l&#8217;incompliment d&#8217;aquestes condicions, aix\u00ed com qualsevol utilitzaci\u00f3 indeguda del seu portal, exercint totes les accions civils i penals que li puguin correspondre en dret.<\/p>\n\n<p><strong>MODIFICACI\u00d3 D&#8217;AQUESTES CONDICIONS I DURADA<\/strong><\/p>\n\n<p>PRATS podr\u00e0 modificar en qualsevol moment les condicions aqu\u00ed determinades, que s\u00f3n degudament publicades com aqu\u00ed apareixen. La vig\u00e8ncia de les condicions esmentades ser\u00e0 en funci\u00f3 de la seva exposici\u00f3 i estaran vigents fins que siguin modificades per altres condicions degudament publicades.<\/p>\n\n<p><strong>LEGISLACI\u00d3 APLICABLE I JURISDICCI\u00d3<\/strong><\/p>\n\n<p>La relaci\u00f3 entre PRATS i l&#8217;USUARI es regir\u00e0 per la normativa espanyola vigent i qualsevol controv\u00e8rsia se sotmetr\u00e0 als jutjats i tribunals de la ciutat de Barcelona.<\/p>\n\n<p><strong>POL\u00cdTICA DE PRIVADESA<\/strong><\/p>\n\n<p>Aquesta pol\u00edtica de privadesa estableix la manera en qu\u00e8 es gestionaran les dades personals obtingudes a trav\u00e9s d&#8217;aquest lloc web, aix\u00ed com les que s&#8217;incorporen als fitxers que s\u00f3n gestionats pel responsable del lloc web.<\/p>\n\n<p>En marcar l&#8217;apartat &#8220;He llegit i accepto el contingut de l&#8217;av\u00eds legal i la pol\u00edtica de privadesa&#8221; als diversos formularis del nostre web, l&#8217;USUARI est\u00e0 acceptant que incorporem les seves dades de car\u00e0cter personal als nostres fitxers amb la finalitat de prestar-li el servei sol\u00b7licitat, subministrar-li el producte sol\u00b7licitat, confeccionar, posar a la seva disposici\u00f3 i enviar-li la factura corresponent, atendre les obligacions fiscals i comptables vigents, i, si escau, respondre als seus dubtes i suggeriments, i enviar-li informaci\u00f3 sobre els nostres productes, serveis i promocions. Mai no cedirem les dades a tercers, llevat d&#8217;exig\u00e8ncia legal d&#8217;alguna autoritat judicial o administrativa.<\/p>\n\n<p><strong>Responsable del tractament de les dades personals<\/strong><\/p>\n\n<ul class=\"wp-block-list\">\n<li>Identitat del responsable: Industrias de \u00d3ptica Prats, SL.<\/li>\n\n\n\n<li>Adre\u00e7a: C\/ Vigil, 24, 28052 Madrid.<\/li>\n\n\n\n<li>N\u00famero d&#8217;identificaci\u00f3 fiscal: B08233108.<\/li>\n\n\n\n<li>Forma f\u00e0cil de contactar: A trav\u00e9s del formulari &#8220;Contactar&#8221; d&#8217;aquest lloc web.<\/li>\n<\/ul>\n\n<p>Per al tractament de les dades dels nostres usuaris i clients, implementem totes les mesures t\u00e8cniques i organitzatives de seguretat establertes a la legislaci\u00f3 vigent.<\/p>\n\n<p>En el tractament de les seves dades personals, aplicarem els principis seg\u00fcents que s&#8217;ajusten a les exig\u00e8ncies del Reglament europeu de protecci\u00f3 de dades:<\/p>\n\n<ul class=\"wp-block-list\">\n<li>Principi de licitud, lleialtat i transpar\u00e8ncia: sempre requerim el seu consentiment per al tractament de les seves dades personals, per a una o diverses finalitats espec\u00edfiques de les quals l&#8217;informarem pr\u00e8viament de manera transparent, en cadascun dels formularis, abans que ens faciliti les dades.<\/li>\n\n\n\n<li>Principi de minimitzaci\u00f3 de dades: nom\u00e9s li sol\u00b7licitarem les dades estrictament necess\u00e0ries, les m\u00ednimes possibles, en relaci\u00f3 amb les finalitats per a les quals les requerim.<\/li>\n\n\n\n<li>Principi de limitaci\u00f3 del termini de conservaci\u00f3: les dades es mantindran durant no m\u00e9s temps del necessari per a les finalitats del tractament. \u00a0En el cas de dades que no generin factures per venda de productes o prestaci\u00f3 de serveis, les dades s&#8217;eliminaran en un termini m\u00e0xim de 18 mesos.<\/li>\n\n\n\n<li>Principi d&#8217;integritat i confidencialitat: les dades es tracten de tal forma que es garanteixi una seguretat adequada de les dades personals i se&#8217;n garanteixi la confidencialitat. Prenem totes les precaucions necess\u00e0ries per evitar l&#8217;acc\u00e9s no autoritzat o l&#8217;\u00fas indegut de les dades que gestionem per part de tercers.<\/li>\n<\/ul>\n\n<p>Les dades personals que tractem procedeixen d&#8217;alguna de les fonts seg\u00fcents:<\/p>\n\n<ul class=\"wp-block-list\">\n<li>Formulari de contacte del web.<\/li>\n\n\n\n<li>Formularis de registre per a la compra dels nostres productes.<\/li>\n\n\n\n<li>Formularis per a promocions i sorteigs.<\/li>\n<\/ul>\n\n<p>L&#8217;USUARI disposa dels drets seg\u00fcents, que pot exercir en qualsevol moment:<\/p>\n\n<ul class=\"wp-block-list\">\n<li>Dret d&#8217;acc\u00e9s: com a titular de les dades que tractem, t\u00e9 dret a accedir a les seves dades personals.<\/li>\n\n\n\n<li>Dret de rectificaci\u00f3 o supressi\u00f3: pot sol\u00b7licitar la rectificaci\u00f3 de les dades inexactes o, si escau, sol\u00b7licitar-ne la supressi\u00f3 quan, entre altres motius, les dades ja no siguin necess\u00e0ries per a les finalitats per a les quals es van obtenir.<\/li>\n\n\n\n<li>Dret de limitaci\u00f3 del tractament: en determinades circumst\u00e0ncies, els interessats podran sol\u00b7licitar la limitaci\u00f3 del tractament de les seves dades, cas en qu\u00e8 \u00fanicament les conservarem per a l&#8217;exercici o la defensa de reclamacions.<\/li>\n\n\n\n<li>Dret d&#8217;oposici\u00f3: en determinades circumst\u00e0ncies i per motius relacionats amb la seva situaci\u00f3 particular, es pot oposar al tractament de les seves dades. En aquests casos deixarem de tractar les dades, llevat de per motius leg\u00edtims imperiosos o per a l&#8217;exercici o la defensa de possibles reclamacions.<\/li>\n\n\n\n<li>Dret de sol\u00b7licitar la portabilitat de les dades: com a interessat, t\u00e9 dret a rebre les dades personals que l&#8217;incumbeixin, que ens hagi facilitat i en un format estructurat.<\/li>\n<\/ul>\n\n<p>Pot exercir els seus drets per alguna de les vies seg\u00fcents:<\/p>\n\n<ul class=\"wp-block-list\">\n<li>A trav\u00e9s del formulari &#8220;Contactar&#8221; del nostre lloc web.<\/li>\n\n\n\n<li>Per correu postal enviant una carta a l&#8217;adre\u00e7a del responsable del tractament detallat anteriorment.<\/li>\n<\/ul>\n\n<p><strong>Amb quina finalitat tractem les seves dades?<\/strong><br\/><br\/>Utilitzem diverses formes per a la captura de dades personals i el tractament de la informaci\u00f3 que ens facilitin les persones interessades, amb la finalitat seg\u00fcent:<\/p>\n\n<ul class=\"wp-block-list\">\n<li>Formulari de contacte: sol\u00b7licitem les dades personals seg\u00fcents:\u00a0nom i cognoms, adre\u00e7a, tel\u00e8fon i adre\u00e7a electr\u00f2nica, per respondre per correu electr\u00f2nic o, si escau, tel\u00e8fon a les seves consultes o suggeriments.<\/li>\n\n\n\n<li>Formularis de registre per a la compra dels nostres productes: sol\u00b7licitem, a m\u00e9s de l&#8217;adre\u00e7a electr\u00f2nica, les dades necess\u00e0ries legalment per confeccionar la factura de venda i enviar-li els productes comprats (nom o ra\u00f3 social, n\u00famero d&#8217;identificaci\u00f3 fiscal i domicili complet).<\/li>\n\n\n\n<li>Formularis per a promocions i sorteigs: sol\u00b7licitem les seves dades personals, nom i cognoms, ra\u00f3 social, tel\u00e8fon i adre\u00e7a electr\u00f2nica amb la finalitat d&#8217;incloure&#8217;l en les promocions i sorteigs, i comunicar-li peri\u00f2dicament el resultat dels sorteigs per correu electr\u00f2nic o tel\u00e8fon.<\/li>\n<\/ul>\n\n<p><strong>Legitimaci\u00f3 per al tractament de les seves dades<br\/><\/strong><br\/>La base legal per al tractament de les seves dades \u00e9s el consentiment. Per tramitar l&#8217;enviament de qualsevol informaci\u00f3 a trav\u00e9s dels formularis d&#8217;aquest lloc web cal donar consentiment a aquesta pol\u00edtica de privadesa. En cas que no es presti el consentiment, no es tramitar\u00e0 l&#8217;enviament de cap dada personal.<\/p>\n\n<p>Les categories de dades que tractem s\u00f3n dades identificatives. No tractem categories de dades especialment protegides.<\/p>\n\n<p><strong>Quant de temps conservem les seves dades?<br\/><\/strong><br\/>Les dades de car\u00e0cter personal introdu\u00efdes en aquest formulari es conservaran mentre es mantingui la relaci\u00f3 mercantil en cas que compri els nostres productes. Cal destacar que les dades emprades per a la confecci\u00f3 de factures es mantindran a disposici\u00f3 de les autoritats tribut\u00e0ries d&#8217;Espanya per un per\u00edode de cinc anys des de l&#8217;emissi\u00f3 de la darrera factura. Les dades obtingudes que no s&#8217;hagin utilitzat per facturar vendes o prestacions de serveis s&#8217;eliminaran en un termini m\u00e0xim de 18 mesos.<\/p>\n\n<p>Algunes eines que fem servir per gestionar les dades s\u00f3n contractades a tercers perqu\u00e8 ens prestin els serveis estrictament necessaris per al desenvolupament de la nostra activitat:<\/p>\n\n<p>MCN Estrategia de Planificaci\u00f3n y Medios, SL ens ofereix servei de desenvolupament i allotjament web. La seva pol\u00edtica de privadesa es pot consultar al web\u00a0<a href=\"http:\/\/www.mcn.es\/\" target=\"_blank\" rel=\"noreferrer noopener\">www.mcn.es<\/a>.<\/p>\n\n<p>Tamb\u00e9 utilitzem Google Analytics, que recopila estad\u00edstiques dels visitants al web per analitzar tend\u00e8ncies, veure els moviments dels visitants al voltant del lloc web i recopilar informaci\u00f3 demogr\u00e0fica sobre la nostra base de dades d&#8217;usuaris en conjunt. Quan es navega pel nostre lloc web es poden recollir dades no identificables, que poden incloure adreces IP, ubicaci\u00f3 geogr\u00e0fica aproximada, registre de com s&#8217;utilitzen els serveis i llocs, i altres dades que no es poden utilitzar per identificar l&#8217;usuari, aix\u00ed com dades no identificades relacionades amb els h\u00e0bits de navegaci\u00f3 a trav\u00e9s de serveis de tercers. La seva pol\u00edtica de privadesa es pot consultar a\u00a0<a href=\"http:\/\/www.google.com\/analytics\/learn\/privacy.html?h1=es\" target=\"_blank\" rel=\"noreferrer noopener\">www.google.com\/analytics\/learn\/privacy.html?h1=es<\/a>.<\/p>\n","protected":false},"excerpt":{"rendered":"<p>AV\u00cdS LEGAL\u00a0 En compliment del deure d&#8217;informaci\u00f3 recollit a l&#8217;article 10 de la Llei 34\/2002, d&#8217;11 de juliol, de serveis de la societat de la informaci\u00f3 i del comer\u00e7 electr\u00f2nic, seguidament es reflecteixen les dades seg\u00fcents:\u00a0 L&#8217;empresa titular del domini web \u00e9s Industrias de \u00d3ptica Prats, SL (d&#8217;ara endavant, PRATS), amb domicili a aquests efectes [&hellip;]<\/p>\n","protected":false},"author":2,"featured_media":0,"parent":0,"menu_order":0,"comment_status":"closed","ping_status":"open","template":"","meta":{"footnotes":""},"class_list":["post-20130","page","type-page","status-publish","hentry"],"yoast_head":"<!-- This site is optimized with the Yoast SEO plugin v21.5 - https:\/\/yoast.com\/wordpress\/plugins\/seo\/ -->\n<title>Av\u00eds legal i pol\u00edtica de privadesa - VIMAX<\/title>\n<meta name=\"description\" content=\"Aquesta pol\u00edtica de privadesa estableix la manera en qu\u00e8 es gestionaran les dades personals obtingudes a trav\u00e9s d&#039;aquest lloc web.\" \/>\n<meta name=\"robots\" content=\"index, follow, max-snippet:-1, max-image-preview:large, max-video-preview:-1\" \/>\n<link rel=\"canonical\" href=\"https:\/\/vimaxlens.com\/ca\/avis-legal-i-politica-de-privadesa\/\" \/>\n<meta property=\"og:locale\" content=\"ca_ES\" \/>\n<meta property=\"og:type\" content=\"article\" \/>\n<meta property=\"og:title\" content=\"Av\u00eds legal i pol\u00edtica de privadesa - VIMAX\" \/>\n<meta property=\"og:description\" content=\"Aquesta pol\u00edtica de privadesa estableix la manera en qu\u00e8 es gestionaran les dades personals obtingudes a trav\u00e9s d&#039;aquest lloc web.\" \/>\n<meta property=\"og:url\" content=\"https:\/\/vimaxlens.com\/ca\/avis-legal-i-politica-de-privadesa\/\" \/>\n<meta property=\"og:site_name\" content=\"VIMAX\" \/>\n<meta property=\"article:publisher\" content=\"https:\/\/www.facebook.com\/vimaxlens\" \/>\n<meta property=\"article:modified_time\" content=\"2023-09-07T14:42:24+00:00\" \/>\n<meta property=\"og:image\" content=\"https:\/\/vimaxlens.com\/wp-content\/uploads\/2023\/05\/usos-vision-abecera-e1684492949294.png\" \/>\n\t<meta property=\"og:image:width\" content=\"1399\" \/>\n\t<meta property=\"og:image:height\" content=\"689\" \/>\n\t<meta property=\"og:image:type\" content=\"image\/png\" \/>\n<meta name=\"twitter:card\" content=\"summary_large_image\" \/>\n<meta name=\"twitter:label1\" content=\"Temps estimat de lectura\" \/>\n\t<meta name=\"twitter:data1\" content=\"11 minuts\" \/>\n<script type=\"application\/ld+json\" class=\"yoast-schema-graph\">{\"@context\":\"https:\/\/schema.org\",\"@graph\":[{\"@type\":\"WebPage\",\"@id\":\"https:\/\/vimaxlens.com\/ca\/avis-legal-i-politica-de-privadesa\/\",\"url\":\"https:\/\/vimaxlens.com\/ca\/avis-legal-i-politica-de-privadesa\/\",\"name\":\"Av\u00eds legal i pol\u00edtica de privadesa - VIMAX\",\"isPartOf\":{\"@id\":\"https:\/\/vimaxlens.com\/ca\/#website\"},\"datePublished\":\"2022-07-25T10:40:12+00:00\",\"dateModified\":\"2023-09-07T14:42:24+00:00\",\"description\":\"Aquesta pol\u00edtica de privadesa estableix la manera en qu\u00e8 es gestionaran les dades personals obtingudes a trav\u00e9s d'aquest lloc web.\",\"breadcrumb\":{\"@id\":\"https:\/\/vimaxlens.com\/ca\/avis-legal-i-politica-de-privadesa\/#breadcrumb\"},\"inLanguage\":\"ca\",\"potentialAction\":[{\"@type\":\"ReadAction\",\"target\":[\"https:\/\/vimaxlens.com\/ca\/avis-legal-i-politica-de-privadesa\/\"]}]},{\"@type\":\"BreadcrumbList\",\"@id\":\"https:\/\/vimaxlens.com\/ca\/avis-legal-i-politica-de-privadesa\/#breadcrumb\",\"itemListElement\":[{\"@type\":\"ListItem\",\"position\":1,\"name\":\"Portada\",\"item\":\"https:\/\/vimaxlens.com\/ca\/\"},{\"@type\":\"ListItem\",\"position\":2,\"name\":\"Av\u00eds legal i pol\u00edtica de privadesa\"}]},{\"@type\":\"WebSite\",\"@id\":\"https:\/\/vimaxlens.com\/ca\/#website\",\"url\":\"https:\/\/vimaxlens.com\/ca\/\",\"name\":\"VIMAX\",\"description\":\"Vision to the max\",\"publisher\":{\"@id\":\"https:\/\/vimaxlens.com\/ca\/#organization\"},\"alternateName\":\"VIMAX\",\"potentialAction\":[{\"@type\":\"SearchAction\",\"target\":{\"@type\":\"EntryPoint\",\"urlTemplate\":\"https:\/\/vimaxlens.com\/ca\/?s={search_term_string}\"},\"query-input\":\"required name=search_term_string\"}],\"inLanguage\":\"ca\"},{\"@type\":\"Organization\",\"@id\":\"https:\/\/vimaxlens.com\/ca\/#organization\",\"name\":\"VIMAX\",\"alternateName\":\"VIMAX\",\"url\":\"https:\/\/vimaxlens.com\/ca\/\",\"logo\":{\"@type\":\"ImageObject\",\"inLanguage\":\"ca\",\"@id\":\"https:\/\/vimaxlens.com\/ca\/#\/schema\/logo\/image\/\",\"url\":\"https:\/\/vimaxlens.com\/wp-content\/uploads\/2023\/05\/favicon.jpg\",\"contentUrl\":\"https:\/\/vimaxlens.com\/wp-content\/uploads\/2023\/05\/favicon.jpg\",\"width\":282,\"height\":284,\"caption\":\"VIMAX\"},\"image\":{\"@id\":\"https:\/\/vimaxlens.com\/ca\/#\/schema\/logo\/image\/\"},\"sameAs\":[\"https:\/\/www.facebook.com\/vimaxlens\",\"https:\/\/www.instagram.com\/Vimaxlens\/\"]}]}<\/script>\n<!-- \/ Yoast SEO plugin. -->","yoast_head_json":{"title":"Av\u00eds legal i pol\u00edtica de privadesa - VIMAX","description":"Aquesta pol\u00edtica de privadesa estableix la manera en qu\u00e8 es gestionaran les dades personals obtingudes a trav\u00e9s d'aquest lloc web.","robots":{"index":"index","follow":"follow","max-snippet":"max-snippet:-1","max-image-preview":"max-image-preview:large","max-video-preview":"max-video-preview:-1"},"canonical":"https:\/\/vimaxlens.com\/ca\/avis-legal-i-politica-de-privadesa\/","og_locale":"ca_ES","og_type":"article","og_title":"Av\u00eds legal i pol\u00edtica de privadesa - VIMAX","og_description":"Aquesta pol\u00edtica de privadesa estableix la manera en qu\u00e8 es gestionaran les dades personals obtingudes a trav\u00e9s d'aquest lloc web.","og_url":"https:\/\/vimaxlens.com\/ca\/avis-legal-i-politica-de-privadesa\/","og_site_name":"VIMAX","article_publisher":"https:\/\/www.facebook.com\/vimaxlens","article_modified_time":"2023-09-07T14:42:24+00:00","og_image":[{"width":1399,"height":689,"url":"https:\/\/vimaxlens.com\/wp-content\/uploads\/2023\/05\/usos-vision-abecera-e1684492949294.png","type":"image\/png"}],"twitter_card":"summary_large_image","twitter_misc":{"Temps estimat de lectura":"11 minuts"},"schema":{"@context":"https:\/\/schema.org","@graph":[{"@type":"WebPage","@id":"https:\/\/vimaxlens.com\/ca\/avis-legal-i-politica-de-privadesa\/","url":"https:\/\/vimaxlens.com\/ca\/avis-legal-i-politica-de-privadesa\/","name":"Av\u00eds legal i pol\u00edtica de privadesa - VIMAX","isPartOf":{"@id":"https:\/\/vimaxlens.com\/ca\/#website"},"datePublished":"2022-07-25T10:40:12+00:00","dateModified":"2023-09-07T14:42:24+00:00","description":"Aquesta pol\u00edtica de privadesa estableix la manera en qu\u00e8 es gestionaran les dades personals obtingudes a trav\u00e9s d'aquest lloc web.","breadcrumb":{"@id":"https:\/\/vimaxlens.com\/ca\/avis-legal-i-politica-de-privadesa\/#breadcrumb"},"inLanguage":"ca","potentialAction":[{"@type":"ReadAction","target":["https:\/\/vimaxlens.com\/ca\/avis-legal-i-politica-de-privadesa\/"]}]},{"@type":"BreadcrumbList","@id":"https:\/\/vimaxlens.com\/ca\/avis-legal-i-politica-de-privadesa\/#breadcrumb","itemListElement":[{"@type":"ListItem","position":1,"name":"Portada","item":"https:\/\/vimaxlens.com\/ca\/"},{"@type":"ListItem","position":2,"name":"Av\u00eds legal i pol\u00edtica de privadesa"}]},{"@type":"WebSite","@id":"https:\/\/vimaxlens.com\/ca\/#website","url":"https:\/\/vimaxlens.com\/ca\/","name":"VIMAX","description":"Vision to the max","publisher":{"@id":"https:\/\/vimaxlens.com\/ca\/#organization"},"alternateName":"VIMAX","potentialAction":[{"@type":"SearchAction","target":{"@type":"EntryPoint","urlTemplate":"https:\/\/vimaxlens.com\/ca\/?s={search_term_string}"},"query-input":"required name=search_term_string"}],"inLanguage":"ca"},{"@type":"Organization","@id":"https:\/\/vimaxlens.com\/ca\/#organization","name":"VIMAX","alternateName":"VIMAX","url":"https:\/\/vimaxlens.com\/ca\/","logo":{"@type":"ImageObject","inLanguage":"ca","@id":"https:\/\/vimaxlens.com\/ca\/#\/schema\/logo\/image\/","url":"https:\/\/vimaxlens.com\/wp-content\/uploads\/2023\/05\/favicon.jpg","contentUrl":"https:\/\/vimaxlens.com\/wp-content\/uploads\/2023\/05\/favicon.jpg","width":282,"height":284,"caption":"VIMAX"},"image":{"@id":"https:\/\/vimaxlens.com\/ca\/#\/schema\/logo\/image\/"},"sameAs":["https:\/\/www.facebook.com\/vimaxlens","https:\/\/www.instagram.com\/Vimaxlens\/"]}]}},"_links":{"self":[{"href":"https:\/\/vimaxlens.com\/ca\/wp-json\/wp\/v2\/pages\/20130","targetHints":{"allow":["GET"]}}],"collection":[{"href":"https:\/\/vimaxlens.com\/ca\/wp-json\/wp\/v2\/pages"}],"about":[{"href":"https:\/\/vimaxlens.com\/ca\/wp-json\/wp\/v2\/types\/page"}],"author":[{"embeddable":true,"href":"https:\/\/vimaxlens.com\/ca\/wp-json\/wp\/v2\/users\/2"}],"replies":[{"embeddable":true,"href":"https:\/\/vimaxlens.com\/ca\/wp-json\/wp\/v2\/comments?post=20130"}],"version-history":[{"count":1,"href":"https:\/\/vimaxlens.com\/ca\/wp-json\/wp\/v2\/pages\/20130\/revisions"}],"predecessor-version":[{"id":20132,"href":"https:\/\/vimaxlens.com\/ca\/wp-json\/wp\/v2\/pages\/20130\/revisions\/20132"}],"wp:attachment":[{"href":"https:\/\/vimaxlens.com\/ca\/wp-json\/wp\/v2\/media?parent=20130"}],"curies":[{"name":"wp","href":"https:\/\/api.w.org\/{rel}","templated":true}]}}