{"id":20412,"date":"2022-07-25T10:40:12","date_gmt":"2022-07-25T10:40:12","guid":{"rendered":"https:\/\/vimaxlens.com\/mentions-legales-et-politique-de-confidentialite\/"},"modified":"2023-09-08T14:59:50","modified_gmt":"2023-09-08T14:59:50","slug":"mentions-legales-et-politique-de-confidentialite","status":"publish","type":"page","link":"https:\/\/vimaxlens.com\/fr\/mentions-legales-et-politique-de-confidentialite\/","title":{"rendered":"Mentions l\u00e9gales et politique de confidentialit\u00e9"},"content":{"rendered":"\n<p><strong>MENTIONS L\u00c9GALES\u00a0<\/strong><\/p>\n\n<p>Conform\u00e9ment \u00e0 l&rsquo;obligation d&rsquo;information contenue dans l&rsquo;article 10 de la Loi 34\/2002, du 11 juillet, sur les Services de la soci\u00e9t\u00e9 de l&rsquo;information et le commerce \u00e9lectronique, l&rsquo;information suivante est refl\u00e9t\u00e9e ci-dessous :\u00a0<\/p>\n\n<p>L&rsquo;entreprise propri\u00e9taire du domaine Web est Industrias de \u00d3ptica Prats, S.L. (ci-apr\u00e8s PRATS), dont le si\u00e8ge social est situ\u00e9 Calle Doctor Josep Castells, num\u00e9ro 4 \u00e0 Sant Boi de Llobregat, province de Barcelone, Espagne, num\u00e9ro C.I.F. : B 08233108 inscrit au registre du commerce de Barcelone, feuille B 6796, folio 192, volume 38472. E-mail de contact :\u00a0<a href=\"mailto:grupoprats@grupoprats.info\">grupoprats@grupoprats.info<\/a>.<\/p>\n\n<p><strong>UTILISATEURS <\/strong><\/p>\n\n<p>L&rsquo;acc\u00e8s et\/ou l&rsquo;utilisation de ce portail PRATS attribue la condition d&rsquo;UTILISATEUR, qui accepte, \u00e0 partir de cet acc\u00e8s et\/ou de cette utilisation, les Conditions g\u00e9n\u00e9rales d&rsquo;utilisation refl\u00e9t\u00e9es dans le pr\u00e9sent document. Les Conditions susmentionn\u00e9es s&rsquo;appliquent ind\u00e9pendamment des conditions g\u00e9n\u00e9rales du contrat qui, le cas \u00e9ch\u00e9ant, sont obligatoires.<\/p>\n\n<p><strong>UTILISATION DU PORTAIL<\/strong><\/p>\n\n<p>Le domaine\u00a0<a href=\"http:\/\/www.grupoprats.com\/\" target=\"_blank\" rel=\"noreferrer noopener\">www.grupoprats.com<\/a>\u00a0permet d&rsquo;acc\u00e9der \u00e0 une multitude d&rsquo;informations, de services, de programmes ou de donn\u00e9es (ci-apr\u00e8s le contenu) sur Internet appartenant \u00e0 PRATS ou \u00e0 ses conc\u00e9dants et auxquels l&rsquo;UTILISATEUR peut avoir acc\u00e8s. L&rsquo;UTILISATEUR assume la responsabilit\u00e9 de l&rsquo;utilisation du portail. Cette responsabilit\u00e9 s&rsquo;\u00e9tend \u00e0 l&rsquo;enregistrement qui peut \u00eatre n\u00e9cessaire pour acc\u00e9der \u00e0 certains services ou contenus. Lors de cet enregistrement, l&rsquo;UTILISATEUR est tenu de fournir des informations v\u00e9ridiques et licites. En cons\u00e9quence de cet enregistrement, l&rsquo;UTILISATEUR peut se voir attribuer un mot de passe dont il est responsable et qu&rsquo;il s&rsquo;engage \u00e0 utiliser de mani\u00e8re diligente et confidentielle. L&rsquo;UTILISATEUR s&rsquo;engage \u00e0 faire un usage appropri\u00e9 des contenus et des services (tels que les services de chat, les forums de discussion ou les groupes de discussion) que PRATS propose sur son portail et, \u00e0 titre d&rsquo;exemple mais sans limitation, \u00e0 ne pas les utiliser pour (i) se livrer \u00e0 des activit\u00e9s illicites ou ill\u00e9gales ou contraires \u00e0 la bonne foi et \u00e0 l&rsquo;ordre public ; (ii) diffuser des contenus ou de la propagande \u00e0 caract\u00e8re raciste, x\u00e9nophobe, pornographique, ill\u00e9gal, terroriste ou en faveur des droits de l&rsquo;homme ; (iii) causer des dommages aux syst\u00e8mes physiques et logiques de PRATS, de ses fournisseurs ou de tiers, introduire ou diffuser des virus informatiques ou tout autre syst\u00e8me physique ou logique susceptible de causer les dommages susmentionn\u00e9s ; (iv) tenter d&rsquo;acc\u00e9der et, le cas \u00e9ch\u00e9ant, d&rsquo;utiliser les comptes de courrier \u00e9lectronique d&rsquo;autres utilisateurs et de modifier ou de manipuler leurs messages. PRATS se r\u00e9serve le droit de supprimer les commentaires et les contributions qui ne respectent pas la dignit\u00e9 de la personne, qui sont discriminatoires, x\u00e9nophobes, racistes, pornographiques, qui portent atteinte \u00e0 la jeunesse ou \u00e0 l&rsquo;enfance, \u00e0 l&rsquo;ordre public ou \u00e0 la s\u00e9curit\u00e9 ou qui, \u00e0 son avis, ne sont pas appropri\u00e9s \u00e0 la publication. En tout \u00e9tat de cause, PRATS n&rsquo;est pas responsable des opinions exprim\u00e9es par les utilisateurs par le biais des forums, des chats ou d&rsquo;autres outils de participation.<\/p>\n\n<p><strong>PROPRI\u00c9T\u00c9 INTELLECTUELLE ET INDUSTRIELLE<\/strong><\/p>\n\n<p>PRATS, lui-m\u00eame ou en tant que cessionnaire, est propri\u00e9taire de tous les droits de propri\u00e9t\u00e9 intellectuelle et industrielle de son site Web, ainsi que des \u00e9l\u00e9ments qu&rsquo;il contient (y compris, mais sans s&rsquo;y limiter, les images, le son, l&rsquo;audio, la vid\u00e9o, les logiciels ou le texte ; les marques ou les logos, les combinaisons de couleurs, la structure et la conception, la s\u00e9lection des mat\u00e9riaux utilis\u00e9s, les programmes informatiques n\u00e9cessaires \u00e0 son fonctionnement, \u00e0 son acc\u00e8s et \u00e0 son utilisation, etc.), qui appartiennent \u00e0 PRATS ou \u00e0 ses conc\u00e9dants. Tous les droits sont r\u00e9serv\u00e9s.<\/p>\n\n<p>Conform\u00e9ment aux dispositions des articles 8 et 32.1, deuxi\u00e8me alin\u00e9a, de la loi sur la Propri\u00e9t\u00e9 intellectuelle, la reproduction, la distribution et la communication publique, y compris la mise \u00e0 disposition, de tout ou partie du contenu de ce site Web, \u00e0 des fins commerciales, sur tout support et par tout moyen technique, sans l&rsquo;autorisation de PRATS, sont express\u00e9ment interdites. L&rsquo;UTILISATEUR s&rsquo;engage \u00e0 respecter les droits de propri\u00e9t\u00e9 intellectuelle et industrielle d\u00e9tenus par PRATS.<\/p>\n\n<p>L&rsquo;UTILISATEUR s&rsquo;engage \u00e0 respecter les droits de propri\u00e9t\u00e9 intellectuelle et industrielle d\u00e9tenus par PRATS. Vous pouvez visualiser les \u00e9l\u00e9ments du portail et m\u00eame les imprimer, les copier et les stocker sur le disque dur de votre ordinateur ou sur tout autre support physique, \u00e0 condition que ce soit uniquement et exclusivement pour votre usage personnel et priv\u00e9. L&rsquo;UTILISATEUR s&rsquo;abstiendra de supprimer, d&rsquo;alt\u00e9rer, de contourner ou de manipuler tout dispositif de protection ou syst\u00e8me de s\u00e9curit\u00e9 install\u00e9 sur le site Web de PRATS.<\/p>\n\n<p><strong>EXCLUSION DE GARANTIE ET DE RESPONSABILIT\u00c9<\/strong><\/p>\n\n<p>PRATS n&rsquo;est en aucun cas responsable des dommages de toute nature pouvant \u00eatre caus\u00e9s par, mais sans s&rsquo;y limiter : des erreurs ou des omissions dans le contenu, le manque de disponibilit\u00e9 du portail ou la transmission de virus ou de programmes malveillants ou nuisibles dans le contenu, bien qu&rsquo;il ait adopt\u00e9 toutes les mesures technologiques n\u00e9cessaires pour l&rsquo;\u00e9viter.<\/p>\n\n<p><strong>MODIFICATIONS<\/strong><\/p>\n\n<p>PRATS se r\u00e9serve le droit d&rsquo;apporter toute modification qu&rsquo;il juge appropri\u00e9e \u00e0 son portail sans pr\u00e9avis, et peut changer, supprimer ou ajouter \u00e0 la fois le contenu et les services fournis par le biais du portail et la mani\u00e8re dont ils sont pr\u00e9sent\u00e9s ou localis\u00e9s sur le portail.<\/p>\n\n<p><strong>LIENS<\/strong><\/p>\n\n<p>Au cas o\u00f9 le nom de domaine contiendrait des liens ou des hyperliens vers d&rsquo;autres sites Internet, PRATS n&rsquo;exerce aucun contr\u00f4le sur ces sites et leur contenu. PRATS n&rsquo;assume en aucun cas la responsabilit\u00e9 du contenu d&rsquo;un lien appartenant \u00e0 un site Internet externe et ne garantit pas la disponibilit\u00e9 technique, la qualit\u00e9, la fiabilit\u00e9, l&rsquo;exactitude, l&rsquo;exhaustivit\u00e9, la pr\u00e9cision, la validit\u00e9 et la constitutionnalit\u00e9 de tout mat\u00e9riel ou information contenu dans l&rsquo;un de ces hyperliens ou dans d&rsquo;autres sites Internet. De m\u00eame, l&rsquo;inclusion de ces liens externes n&rsquo;implique aucun type d&rsquo;association, de fusion ou de participation avec les entit\u00e9s connect\u00e9es.<\/p>\n\n<p><strong>DROIT D&rsquo;EXCLUSION<\/strong><\/p>\n\n<p>PRATS se r\u00e9serve le droit de refuser ou de retirer l&rsquo;acc\u00e8s au portail et\/ou aux services offerts sans pr\u00e9avis, \u00e0 sa propre demande ou \u00e0 la demande d&rsquo;un tiers, aux utilisateurs qui ne respectent pas les pr\u00e9sentes Conditions g\u00e9n\u00e9rales d&rsquo;utilisation.<\/p>\n\n<p><strong>G\u00c9N\u00c9RALE<\/strong><\/p>\n\n<p>PRATS poursuivra toute violation des pr\u00e9sentes conditions ainsi que toute utilisation abusive de son portail, en exer\u00e7ant toutes les actions civiles et p\u00e9nales auxquelles elle peut pr\u00e9tendre en vertu de la loi.<\/p>\n\n<p><strong>MODIFICATION DES CONDITIONS ET DUR\u00c9E<\/strong><\/p>\n\n<p>PRATS peut modifier \u00e0 tout moment les conditions \u00e9nonc\u00e9es ici, d\u00fbment publi\u00e9es telles qu&rsquo;elles apparaissent. La validit\u00e9 des conditions susmentionn\u00e9es d\u00e9pendra de leur exposition et restera en vigueur jusqu&rsquo;\u00e0 ce qu&rsquo;elles soient modifi\u00e9es par d&rsquo;autres conditions d\u00fbment publi\u00e9es.<\/p>\n\n<p><strong>L\u00c9GISLATION APPLICABLE ET JURIDICTION<\/strong><\/p>\n\n<p>Les relations entre PRATS et l&rsquo;UTILISATEUR sont r\u00e9gies par la l\u00e9gislation espagnole en vigueur et tout litige sera soumis aux cours et tribunaux de la ville de Barcelone.<\/p>\n\n<p><strong>POLITIQUE DE CONFIDENTIALIT\u00c9<\/strong><\/p>\n\n<p>La pr\u00e9sente politique de confidentialit\u00e9 \u00e9tablit les modalit\u00e9s de gestion des donn\u00e9es personnelles collect\u00e9es par le biais de ce site Web, ainsi que celles qui sont incorpor\u00e9es aux fichiers g\u00e9r\u00e9s par le responsable du site Web.<\/p>\n\n<p>En cochant la case \u00ab\u00a0J&rsquo;ai lu et j&rsquo;accepte le contenu des mentions l\u00e9gales et de la politique de confidentialit\u00e9\u00a0\u00bb dans les diff\u00e9rents formulaires de notre site Web, vous acceptez que nous int\u00e9grions vos donn\u00e9es personnelles dans nos fichiers afin de fournir le service demand\u00e9, de fournir le produit demand\u00e9, de pr\u00e9parer, de mettre \u00e0 disposition et de vous envoyer la facture correspondante, de respecter les obligations fiscales et comptables en vigueur et, le cas \u00e9ch\u00e9ant, de r\u00e9pondre \u00e0 vos questions et suggestions et de vous envoyer des informations sur nos produits, nos services et nos promotions. Nous ne divulguons jamais de donn\u00e9es \u00e0 des tiers, sauf en cas d&rsquo;obligation l\u00e9gale impos\u00e9e par une autorit\u00e9 judiciaire ou administrative.<\/p>\n\n<p><strong>Responsable du traitement de vos donn\u00e9es personnelles<\/strong><\/p>\n\n<ul class=\"wp-block-list\">\n<li>Identit\u00e9 du responsable du traitement : Industrias de \u00d3ptica Prats, S.L.<\/li>\n\n\n\n<li>Adresse : Calle Vigil, 24, 28052-Madrid.<\/li>\n\n\n\n<li>Num\u00e9ro d&rsquo;identification fiscale : B08233108<\/li>\n\n\n\n<li>Moyen facile de nous contacter : Par le biais du formulaire \u00ab\u00a0Contact\u00a0\u00bb sur ce site Web.<\/li>\n<\/ul>\n\n<p>Pour le traitement des donn\u00e9es de nos utilisateurs et clients, nous mettons en \u0153uvre toutes les mesures de s\u00e9curit\u00e9 techniques et organisationnelles pr\u00e9vues par la l\u00e9gislation en vigueur.<\/p>\n\n<p>Lors du traitement de vos donn\u00e9es personnelles, nous appliquerons les principes suivants, qui sont conformes aux exigences du r\u00e8glement europ\u00e9en sur la protection des donn\u00e9es :<\/p>\n\n<ul class=\"wp-block-list\">\n<li>Principe de l\u00e9galit\u00e9, d&rsquo;\u00e9quit\u00e9 et de transparence : Nous demandons toujours votre consentement au traitement de vos donn\u00e9es \u00e0 caract\u00e8re personnel, pour une ou plusieurs finalit\u00e9s sp\u00e9cifiques dont nous vous informerons au pr\u00e9alable de mani\u00e8re transparente, dans chacun des formulaires, avant que vous ne nous fournissiez les donn\u00e9es.<\/li>\n\n\n\n<li>Principe de minimisation des donn\u00e9es : Nous ne vous demanderons que les donn\u00e9es strictement n\u00e9cessaires, le moins possible, au regard des finalit\u00e9s pour lesquelles nous les demandons.<\/li>\n\n\n\n<li>Principe de limitation de la conservation des donn\u00e9es : les donn\u00e9es sont conserv\u00e9es pendant une dur\u00e9e n&rsquo;exc\u00e9dant pas celle n\u00e9cessaire \u00e0 la r\u00e9alisation des finalit\u00e9s du traitement. \u00a0Dans le cas des donn\u00e9es qui ne g\u00e9n\u00e8rent pas de factures pour la vente de produits ou la prestation de services, les donn\u00e9es seront supprim\u00e9es apr\u00e8s une p\u00e9riode maximale de 18 mois.<\/li>\n\n\n\n<li>Principe d&rsquo;int\u00e9grit\u00e9 et de confidentialit\u00e9 : Vos donn\u00e9es sont trait\u00e9es de mani\u00e8re \u00e0 assurer une s\u00e9curit\u00e9 ad\u00e9quate des donn\u00e9es \u00e0 caract\u00e8re personnel et \u00e0 garantir leur confidentialit\u00e9. Nous prenons toutes les pr\u00e9cautions n\u00e9cessaires pour emp\u00eacher l&rsquo;acc\u00e8s non autoris\u00e9 ou l&rsquo;utilisation abusive des donn\u00e9es que nous traitons par des tiers.<\/li>\n<\/ul>\n\n<p>Les donn\u00e9es personnelles que nous traitons proviennent de l&rsquo;une des sources suivantes :<\/p>\n\n<ul class=\"wp-block-list\">\n<li>Formulaire de contact sur le site.<\/li>\n\n\n\n<li>Formulaires d&rsquo;inscription pour l&rsquo;achat de nos produits.<\/li>\n\n\n\n<li>Formulaires pour les promotions et les tirages au sort.<\/li>\n<\/ul>\n\n<p>Vous disposez des droits suivants, que vous pouvez exercer \u00e0 tout moment :<\/p>\n\n<ul class=\"wp-block-list\">\n<li>Droit d&rsquo;acc\u00e8s : En tant que propri\u00e9taire des donn\u00e9es que nous traitons, vous avez le droit d&rsquo;acc\u00e9der \u00e0 vos donn\u00e9es personnelles.<\/li>\n\n\n\n<li>Droit de rectification ou d&rsquo;effacement : Vous pouvez demander la rectification des donn\u00e9es inexactes ou, le cas \u00e9ch\u00e9ant, demander leur effacement, lorsque, entre autres raisons, les donn\u00e9es ne sont plus n\u00e9cessaires aux fins pour lesquelles elles ont \u00e9t\u00e9 collect\u00e9es.<\/li>\n\n\n\n<li>Droit \u00e0 la limitation du traitement : Dans certaines circonstances, les personnes concern\u00e9es peuvent demander la limitation du traitement de leurs donn\u00e9es, auquel cas nous ne les conserverons que pour l&rsquo;exercice ou la d\u00e9fense de r\u00e9clamations.<\/li>\n\n\n\n<li>Droit d&rsquo;opposition : Dans certaines circonstances et pour des raisons tenant \u00e0 votre situation particuli\u00e8re, vous pouvez vous opposer au traitement de vos donn\u00e9es. Dans ce cas, nous cesserons de traiter les donn\u00e9es, sauf pour des raisons l\u00e9gitimes imp\u00e9rieuses ou pour l&rsquo;exercice ou la d\u00e9fense d&rsquo;\u00e9ventuelles r\u00e9clamations.<\/li>\n\n\n\n<li>Droit de demander la portabilit\u00e9 des donn\u00e9es : En tant que personne concern\u00e9e, vous avez le droit de recevoir les donn\u00e9es \u00e0 caract\u00e8re personnel vous concernant que vous nous avez fournies dans un format structur\u00e9.<\/li>\n<\/ul>\n\n<p>Vous pouvez exercer vos droits de l&rsquo;une des mani\u00e8res suivantes :<\/p>\n\n<ul class=\"wp-block-list\">\n<li>Via le formulaire \u00ab\u00a0Contact\u00a0\u00bb de notre site Web.<\/li>\n\n\n\n<li>Par courrier en envoyant une lettre \u00e0 l&rsquo;adresse du responsable du traitement d\u00e9taill\u00e9e ci-dessus.<\/li>\n<\/ul>\n\n<p><strong>Dans quel but traitons-nous vos donn\u00e9es ?<\/strong><br\/><br\/>Nous utilisons diff\u00e9rents moyens pour collecter les donn\u00e9es personnelles et traiter les informations fournies par les parties int\u00e9ress\u00e9es aux fins suivantes :<\/p>\n\n<ul class=\"wp-block-list\">\n<li>Formulaire de contact : Nous demandons les donn\u00e9es personnelles suivantes :\u00a0Nom et pr\u00e9nom, adresse, t\u00e9l\u00e9phone et e-mail, afin de r\u00e9pondre par e-mail ou, le cas \u00e9ch\u00e9ant, par t\u00e9l\u00e9phone \u00e0 vos demandes ou suggestions.<\/li>\n\n\n\n<li>Formulaires d&rsquo;inscription pour l&rsquo;achat de nos produits : Outre l&rsquo;e-mail, nous demandons les donn\u00e9es l\u00e9galement requises pour \u00e9tablir la facture de vente et vous envoyer les produits achet\u00e9s (nom ou raison sociale, num\u00e9ro d&rsquo;identification fiscale et adresse compl\u00e8te).<\/li>\n\n\n\n<li>Formulaires pour les promotions et les tirages au sort : Nous demandons vos donn\u00e9es personnelles, nom et pr\u00e9nom, nom de l&rsquo;entreprise, t\u00e9l\u00e9phone et e-mail afin de vous inclure dans les promotions et les tirages au sort et de vous communiquer p\u00e9riodiquement les r\u00e9sultats par e-mail ou par t\u00e9l\u00e9phone.<\/li>\n<\/ul>\n\n<p><strong>L\u00e9gitimit\u00e9 du traitement de vos donn\u00e9es<br\/><\/strong><br\/>La base juridique du traitement de vos donn\u00e9es est le consentement. L&rsquo;envoi d&rsquo;informations par l&rsquo;interm\u00e9diaire des formulaires de ce site Web n\u00e9cessite le consentement \u00e0 la pr\u00e9sente politique de confidentialit\u00e9. Si le consentement n&rsquo;est pas donn\u00e9, aucune donn\u00e9e personnelle ne sera envoy\u00e9e.<\/p>\n\n<p>Les cat\u00e9gories de donn\u00e9es que nous traitons sont des donn\u00e9es d&rsquo;identification. Nous ne traitons pas de cat\u00e9gories de donn\u00e9es sp\u00e9cialement prot\u00e9g\u00e9es.<\/p>\n\n<p><strong>Combien de temps conservons-nous vos donn\u00e9es ?<br\/><\/strong><br\/>Les donn\u00e9es personnelles fournies dans ce formulaire seront conserv\u00e9es aussi longtemps que la relation commerciale est maintenue dans le cas o\u00f9 vous achetez nos produits. Les donn\u00e9es utilis\u00e9es pour l&rsquo;\u00e9tablissement des factures seront tenues \u00e0 la disposition des autorit\u00e9s fiscales espagnoles pendant une p\u00e9riode de cinq ans \u00e0 compter de l&rsquo;\u00e9mission de la derni\u00e8re facture. Les donn\u00e9es obtenues qui n&rsquo;ont pas \u00e9t\u00e9 utilis\u00e9es pour facturer des ventes ou des services seront supprim\u00e9es dans un d\u00e9lai maximum de 18 mois.<\/p>\n\n<p>Certains des outils que nous utilisons pour g\u00e9rer vos donn\u00e9es sont sous-trait\u00e9s \u00e0 des tiers pour nous fournir les services strictement n\u00e9cessaires au d\u00e9veloppement de notre activit\u00e9 :<\/p>\n\n<p>MCN Estrategia de Planificaci\u00f3n y Medios, S.L. propose des services de d\u00e9veloppement et d&rsquo;h\u00e9bergement de sites Web. Vous pouvez consulter leur politique de confidentialit\u00e9 sur leur site Web\u00a0<a href=\"http:\/\/www.mcn.es\/\" target=\"_blank\" rel=\"noreferrer noopener\">www.mcn.es<\/a><\/p>\n\n<p>Nous utilisons \u00e9galement Google Analytics : Nous recueillons des statistiques sur les visiteurs afin d&rsquo;analyser les tendances, de visualiser les mouvements des visiteurs sur le site et de rassembler des informations d\u00e9mographiques sur notre base d&rsquo;utilisateurs dans son ensemble. Lorsque vous naviguez sur notre site Web, nous pouvons recueillir des donn\u00e9es non identifiantes, qui peuvent inclure des adresses IP, une localisation g\u00e9ographique approximative, un enregistrement de la mani\u00e8re dont les services et les sites sont utilis\u00e9s et d&rsquo;autres donn\u00e9es qui ne peuvent pas \u00eatre utilis\u00e9es pour identifier l&rsquo;utilisateur, ainsi que des donn\u00e9es non identifiantes relatives aux habitudes de navigation par le biais de services de tierces parties. Vous pouvez consulter leur politique de confidentialit\u00e9 \u00e0 l&rsquo;adresse suivante\u00a0<a href=\"http:\/\/www.google.com\/analytics\/learn\/privacy.html?h1=es\" target=\"_blank\" rel=\"noreferrer noopener\">www.google.com\/analytics\/learn\/privacy.html?h1=es<\/a><\/p>\n","protected":false},"excerpt":{"rendered":"<p>MENTIONS L\u00c9GALES\u00a0 Conform\u00e9ment \u00e0 l&rsquo;obligation d&rsquo;information contenue dans l&rsquo;article 10 de la Loi 34\/2002, du 11 juillet, sur les Services de la soci\u00e9t\u00e9 de l&rsquo;information et le commerce \u00e9lectronique, l&rsquo;information suivante est refl\u00e9t\u00e9e ci-dessous :\u00a0 L&rsquo;entreprise propri\u00e9taire du domaine Web est Industrias de \u00d3ptica Prats, S.L. (ci-apr\u00e8s PRATS), dont le si\u00e8ge social est situ\u00e9 Calle [&hellip;]<\/p>\n","protected":false},"author":2,"featured_media":0,"parent":0,"menu_order":0,"comment_status":"closed","ping_status":"open","template":"","meta":{"footnotes":""},"class_list":["post-20412","page","type-page","status-publish","hentry"],"yoast_head":"<!-- This site is optimized with the Yoast SEO plugin v21.5 - https:\/\/yoast.com\/wordpress\/plugins\/seo\/ -->\n<title>Mentions l\u00e9gales et politique de confidentialit\u00e9 - VIMAX<\/title>\n<meta name=\"description\" content=\"La pr\u00e9sente politique de confidentialit\u00e9 d\u00e9finit la mani\u00e8re dont les donn\u00e9es personnelles collect\u00e9es par le biais de ce site Web seront trait\u00e9es.\" \/>\n<meta name=\"robots\" content=\"index, follow, max-snippet:-1, max-image-preview:large, max-video-preview:-1\" \/>\n<link rel=\"canonical\" href=\"https:\/\/vimaxlens.com\/fr\/mentions-legales-et-politique-de-confidentialite\/\" \/>\n<meta property=\"og:locale\" content=\"fr_FR\" \/>\n<meta property=\"og:type\" content=\"article\" \/>\n<meta property=\"og:title\" content=\"Mentions l\u00e9gales et politique de confidentialit\u00e9 - VIMAX\" \/>\n<meta property=\"og:description\" content=\"La pr\u00e9sente politique de confidentialit\u00e9 d\u00e9finit la mani\u00e8re dont les donn\u00e9es personnelles collect\u00e9es par le biais de ce site Web seront trait\u00e9es.\" \/>\n<meta property=\"og:url\" content=\"https:\/\/vimaxlens.com\/fr\/mentions-legales-et-politique-de-confidentialite\/\" \/>\n<meta property=\"og:site_name\" content=\"VIMAX\" \/>\n<meta property=\"article:publisher\" content=\"https:\/\/www.facebook.com\/vimaxlens\" \/>\n<meta property=\"article:modified_time\" content=\"2023-09-08T14:59:50+00:00\" \/>\n<meta property=\"og:image\" content=\"https:\/\/vimaxlens.com\/wp-content\/uploads\/2023\/05\/usos-vision-abecera-e1684492949294.png\" \/>\n\t<meta property=\"og:image:width\" content=\"1399\" \/>\n\t<meta property=\"og:image:height\" content=\"689\" \/>\n\t<meta property=\"og:image:type\" content=\"image\/png\" \/>\n<meta name=\"twitter:card\" content=\"summary_large_image\" \/>\n<meta name=\"twitter:label1\" content=\"Dur\u00e9e de lecture estim\u00e9e\" \/>\n\t<meta name=\"twitter:data1\" content=\"12 minutes\" \/>\n<script type=\"application\/ld+json\" class=\"yoast-schema-graph\">{\"@context\":\"https:\/\/schema.org\",\"@graph\":[{\"@type\":\"WebPage\",\"@id\":\"https:\/\/vimaxlens.com\/fr\/mentions-legales-et-politique-de-confidentialite\/\",\"url\":\"https:\/\/vimaxlens.com\/fr\/mentions-legales-et-politique-de-confidentialite\/\",\"name\":\"Mentions l\u00e9gales et politique de confidentialit\u00e9 - VIMAX\",\"isPartOf\":{\"@id\":\"https:\/\/vimaxlens.com\/fr\/#website\"},\"datePublished\":\"2022-07-25T10:40:12+00:00\",\"dateModified\":\"2023-09-08T14:59:50+00:00\",\"description\":\"La pr\u00e9sente politique de confidentialit\u00e9 d\u00e9finit la mani\u00e8re dont les donn\u00e9es personnelles collect\u00e9es par le biais de ce site Web seront trait\u00e9es.\",\"breadcrumb\":{\"@id\":\"https:\/\/vimaxlens.com\/fr\/mentions-legales-et-politique-de-confidentialite\/#breadcrumb\"},\"inLanguage\":\"fr-FR\",\"potentialAction\":[{\"@type\":\"ReadAction\",\"target\":[\"https:\/\/vimaxlens.com\/fr\/mentions-legales-et-politique-de-confidentialite\/\"]}]},{\"@type\":\"BreadcrumbList\",\"@id\":\"https:\/\/vimaxlens.com\/fr\/mentions-legales-et-politique-de-confidentialite\/#breadcrumb\",\"itemListElement\":[{\"@type\":\"ListItem\",\"position\":1,\"name\":\"Portada\",\"item\":\"https:\/\/vimaxlens.com\/fr\/\"},{\"@type\":\"ListItem\",\"position\":2,\"name\":\"Mentions l\u00e9gales et politique de confidentialit\u00e9\"}]},{\"@type\":\"WebSite\",\"@id\":\"https:\/\/vimaxlens.com\/fr\/#website\",\"url\":\"https:\/\/vimaxlens.com\/fr\/\",\"name\":\"VIMAX\",\"description\":\"Vision to the max\",\"publisher\":{\"@id\":\"https:\/\/vimaxlens.com\/fr\/#organization\"},\"alternateName\":\"VIMAX\",\"potentialAction\":[{\"@type\":\"SearchAction\",\"target\":{\"@type\":\"EntryPoint\",\"urlTemplate\":\"https:\/\/vimaxlens.com\/fr\/?s={search_term_string}\"},\"query-input\":\"required name=search_term_string\"}],\"inLanguage\":\"fr-FR\"},{\"@type\":\"Organization\",\"@id\":\"https:\/\/vimaxlens.com\/fr\/#organization\",\"name\":\"VIMAX\",\"alternateName\":\"VIMAX\",\"url\":\"https:\/\/vimaxlens.com\/fr\/\",\"logo\":{\"@type\":\"ImageObject\",\"inLanguage\":\"fr-FR\",\"@id\":\"https:\/\/vimaxlens.com\/fr\/#\/schema\/logo\/image\/\",\"url\":\"https:\/\/vimaxlens.com\/wp-content\/uploads\/2023\/05\/favicon.jpg\",\"contentUrl\":\"https:\/\/vimaxlens.com\/wp-content\/uploads\/2023\/05\/favicon.jpg\",\"width\":282,\"height\":284,\"caption\":\"VIMAX\"},\"image\":{\"@id\":\"https:\/\/vimaxlens.com\/fr\/#\/schema\/logo\/image\/\"},\"sameAs\":[\"https:\/\/www.facebook.com\/vimaxlens\",\"https:\/\/www.instagram.com\/Vimaxlens\/\"]}]}<\/script>\n<!-- \/ Yoast SEO plugin. -->","yoast_head_json":{"title":"Mentions l\u00e9gales et politique de confidentialit\u00e9 - VIMAX","description":"La pr\u00e9sente politique de confidentialit\u00e9 d\u00e9finit la mani\u00e8re dont les donn\u00e9es personnelles collect\u00e9es par le biais de ce site Web seront trait\u00e9es.","robots":{"index":"index","follow":"follow","max-snippet":"max-snippet:-1","max-image-preview":"max-image-preview:large","max-video-preview":"max-video-preview:-1"},"canonical":"https:\/\/vimaxlens.com\/fr\/mentions-legales-et-politique-de-confidentialite\/","og_locale":"fr_FR","og_type":"article","og_title":"Mentions l\u00e9gales et politique de confidentialit\u00e9 - VIMAX","og_description":"La pr\u00e9sente politique de confidentialit\u00e9 d\u00e9finit la mani\u00e8re dont les donn\u00e9es personnelles collect\u00e9es par le biais de ce site Web seront trait\u00e9es.","og_url":"https:\/\/vimaxlens.com\/fr\/mentions-legales-et-politique-de-confidentialite\/","og_site_name":"VIMAX","article_publisher":"https:\/\/www.facebook.com\/vimaxlens","article_modified_time":"2023-09-08T14:59:50+00:00","og_image":[{"width":1399,"height":689,"url":"https:\/\/vimaxlens.com\/wp-content\/uploads\/2023\/05\/usos-vision-abecera-e1684492949294.png","type":"image\/png"}],"twitter_card":"summary_large_image","twitter_misc":{"Dur\u00e9e de lecture estim\u00e9e":"12 minutes"},"schema":{"@context":"https:\/\/schema.org","@graph":[{"@type":"WebPage","@id":"https:\/\/vimaxlens.com\/fr\/mentions-legales-et-politique-de-confidentialite\/","url":"https:\/\/vimaxlens.com\/fr\/mentions-legales-et-politique-de-confidentialite\/","name":"Mentions l\u00e9gales et politique de confidentialit\u00e9 - VIMAX","isPartOf":{"@id":"https:\/\/vimaxlens.com\/fr\/#website"},"datePublished":"2022-07-25T10:40:12+00:00","dateModified":"2023-09-08T14:59:50+00:00","description":"La pr\u00e9sente politique de confidentialit\u00e9 d\u00e9finit la mani\u00e8re dont les donn\u00e9es personnelles collect\u00e9es par le biais de ce site Web seront trait\u00e9es.","breadcrumb":{"@id":"https:\/\/vimaxlens.com\/fr\/mentions-legales-et-politique-de-confidentialite\/#breadcrumb"},"inLanguage":"fr-FR","potentialAction":[{"@type":"ReadAction","target":["https:\/\/vimaxlens.com\/fr\/mentions-legales-et-politique-de-confidentialite\/"]}]},{"@type":"BreadcrumbList","@id":"https:\/\/vimaxlens.com\/fr\/mentions-legales-et-politique-de-confidentialite\/#breadcrumb","itemListElement":[{"@type":"ListItem","position":1,"name":"Portada","item":"https:\/\/vimaxlens.com\/fr\/"},{"@type":"ListItem","position":2,"name":"Mentions l\u00e9gales et politique de confidentialit\u00e9"}]},{"@type":"WebSite","@id":"https:\/\/vimaxlens.com\/fr\/#website","url":"https:\/\/vimaxlens.com\/fr\/","name":"VIMAX","description":"Vision to the max","publisher":{"@id":"https:\/\/vimaxlens.com\/fr\/#organization"},"alternateName":"VIMAX","potentialAction":[{"@type":"SearchAction","target":{"@type":"EntryPoint","urlTemplate":"https:\/\/vimaxlens.com\/fr\/?s={search_term_string}"},"query-input":"required name=search_term_string"}],"inLanguage":"fr-FR"},{"@type":"Organization","@id":"https:\/\/vimaxlens.com\/fr\/#organization","name":"VIMAX","alternateName":"VIMAX","url":"https:\/\/vimaxlens.com\/fr\/","logo":{"@type":"ImageObject","inLanguage":"fr-FR","@id":"https:\/\/vimaxlens.com\/fr\/#\/schema\/logo\/image\/","url":"https:\/\/vimaxlens.com\/wp-content\/uploads\/2023\/05\/favicon.jpg","contentUrl":"https:\/\/vimaxlens.com\/wp-content\/uploads\/2023\/05\/favicon.jpg","width":282,"height":284,"caption":"VIMAX"},"image":{"@id":"https:\/\/vimaxlens.com\/fr\/#\/schema\/logo\/image\/"},"sameAs":["https:\/\/www.facebook.com\/vimaxlens","https:\/\/www.instagram.com\/Vimaxlens\/"]}]}},"_links":{"self":[{"href":"https:\/\/vimaxlens.com\/fr\/wp-json\/wp\/v2\/pages\/20412","targetHints":{"allow":["GET"]}}],"collection":[{"href":"https:\/\/vimaxlens.com\/fr\/wp-json\/wp\/v2\/pages"}],"about":[{"href":"https:\/\/vimaxlens.com\/fr\/wp-json\/wp\/v2\/types\/page"}],"author":[{"embeddable":true,"href":"https:\/\/vimaxlens.com\/fr\/wp-json\/wp\/v2\/users\/2"}],"replies":[{"embeddable":true,"href":"https:\/\/vimaxlens.com\/fr\/wp-json\/wp\/v2\/comments?post=20412"}],"version-history":[{"count":1,"href":"https:\/\/vimaxlens.com\/fr\/wp-json\/wp\/v2\/pages\/20412\/revisions"}],"predecessor-version":[{"id":20414,"href":"https:\/\/vimaxlens.com\/fr\/wp-json\/wp\/v2\/pages\/20412\/revisions\/20414"}],"wp:attachment":[{"href":"https:\/\/vimaxlens.com\/fr\/wp-json\/wp\/v2\/media?parent=20412"}],"curies":[{"name":"wp","href":"https:\/\/api.w.org\/{rel}","templated":true}]}}